{"id":13252,"date":"2024-09-18T11:14:45","date_gmt":"2024-09-18T09:14:45","guid":{"rendered":"https:\/\/arkacatering.com\/servicios\/celebracions-i-aniversaris\/"},"modified":"2024-11-14T09:13:07","modified_gmt":"2024-11-14T08:13:07","slug":"celebraciones-y-aniversarios","status":"publish","type":"page","link":"https:\/\/arkacatering.com\/es\/servicios\/celebraciones-y-aniversarios\/","title":{"rendered":"Celebraciones y Aniversarios"},"content":{"rendered":"\t\t<div data-elementor-type=\"wp-page\" data-elementor-id=\"13252\" class=\"elementor elementor-13252 elementor-13152\">\n\t\t\t\t<div class=\"elementor-element elementor-element-c35ee30 e-flex e-con-boxed wpr-particle-no wpr-jarallax-no wpr-parallax-no wpr-sticky-section-no e-con e-parent\" data-id=\"c35ee30\" data-element_type=\"container\" data-e-type=\"container\" data-settings=\"{&quot;background_background&quot;:&quot;classic&quot;}\">\n\t\t\t\t\t<div class=\"e-con-inner\">\n\t\t<div class=\"elementor-element elementor-element-6b2249f e-con-full e-flex wpr-particle-no wpr-jarallax-no wpr-parallax-no wpr-sticky-section-no e-con e-child\" data-id=\"6b2249f\" data-element_type=\"container\" data-e-type=\"container\">\n\t\t\t\t<div class=\"elementor-element elementor-element-6b9bf8f elementor-widget elementor-widget-image\" data-id=\"6b9bf8f\" data-element_type=\"widget\" data-e-type=\"widget\" data-widget_type=\"image.default\">\n\t\t\t\t<div class=\"elementor-widget-container\">\n\t\t\t\t\t\t\t\t\t\t\t\t\t\t\t<img fetchpriority=\"high\" decoding=\"async\" width=\"2560\" height=\"1704\" src=\"https:\/\/arkacatering.com\/wp-content\/uploads\/2024\/09\/3-Celebracions-i-aniversaris__-scaled.jpg\" class=\"attachment-full size-full wp-image-13101\" alt=\"Celebracions i aniversaris\" srcset=\"https:\/\/arkacatering.com\/wp-content\/uploads\/2024\/09\/3-Celebracions-i-aniversaris__-scaled.jpg 2560w, https:\/\/arkacatering.com\/wp-content\/uploads\/2024\/09\/3-Celebracions-i-aniversaris__-300x200.jpg 300w, https:\/\/arkacatering.com\/wp-content\/uploads\/2024\/09\/3-Celebracions-i-aniversaris__-1024x682.jpg 1024w, https:\/\/arkacatering.com\/wp-content\/uploads\/2024\/09\/3-Celebracions-i-aniversaris__-768x511.jpg 768w, https:\/\/arkacatering.com\/wp-content\/uploads\/2024\/09\/3-Celebracions-i-aniversaris__-1536x1022.jpg 1536w, https:\/\/arkacatering.com\/wp-content\/uploads\/2024\/09\/3-Celebracions-i-aniversaris__-2048x1363.jpg 2048w\" sizes=\"(max-width: 2560px) 100vw, 2560px\" \/>\t\t\t\t\t\t\t\t\t\t\t\t\t\t\t<\/div>\n\t\t\t\t<\/div>\n\t\t\t\t<\/div>\n\t\t<div class=\"elementor-element elementor-element-7560e3b e-con-full e-flex wpr-particle-no wpr-jarallax-no wpr-parallax-no wpr-sticky-section-no e-con e-child\" data-id=\"7560e3b\" data-element_type=\"container\" data-e-type=\"container\">\n\t\t\t\t<div class=\"elementor-element elementor-element-88d688f elementor-widget elementor-widget-heading\" data-id=\"88d688f\" data-element_type=\"widget\" data-e-type=\"widget\" data-widget_type=\"heading.default\">\n\t\t\t\t<div class=\"elementor-widget-container\">\n\t\t\t\t\t<h1 class=\"elementor-heading-title elementor-size-default\">\u00bfSE ACERCA UNA FECHA IMPORTANTE?<\/h1>\t\t\t\t<\/div>\n\t\t\t\t<\/div>\n\t\t\t\t<div class=\"elementor-element elementor-element-6de7d5e elementor-widget elementor-widget-heading\" data-id=\"6de7d5e\" data-element_type=\"widget\" data-e-type=\"widget\" data-widget_type=\"heading.default\">\n\t\t\t\t<div class=\"elementor-widget-container\">\n\t\t\t\t\t<p class=\"elementor-heading-title elementor-size-default\">Cualquier excusa es buena para disfrutar de nuestra comida. \n<br><br>\nPodemos ofrecerte diferentes formatos: <br><br>\n- C\u00f3ctel de pie <br>\n- Men\u00fa degustaci\u00f3n <br>\n- Almuerzo tradicional <br>\n- Arroyo Premium \n\n<br><br>\n\n\u00a1O crea tu propio formato!<\/p>\t\t\t\t<\/div>\n\t\t\t\t<\/div>\n\t\t\t\t<div class=\"elementor-element elementor-element-f72bc6e elementor-widget elementor-widget-button\" data-id=\"f72bc6e\" data-element_type=\"widget\" data-e-type=\"widget\" data-widget_type=\"button.default\">\n\t\t\t\t<div class=\"elementor-widget-container\">\n\t\t\t\t\t\t\t\t\t<div class=\"elementor-button-wrapper\">\n\t\t\t\t\t<a class=\"elementor-button elementor-button-link elementor-size-sm\" href=\"https:\/\/arkacatering.com\/es\/contacto\/\">\n\t\t\t\t\t\t<span class=\"elementor-button-content-wrapper\">\n\t\t\t\t\t\t\t\t\t<span class=\"elementor-button-text\">M\u00e1s Informaci\u00f3n<\/span>\n\t\t\t\t\t<\/span>\n\t\t\t\t\t<\/a>\n\t\t\t\t<\/div>\n\t\t\t\t\t\t\t\t<\/div>\n\t\t\t\t<\/div>\n\t\t\t\t<\/div>\n\t\t\t\t\t<\/div>\n\t\t\t\t<\/div>\n\t\t<div class=\"elementor-element elementor-element-f6b2042 e-flex e-con-boxed wpr-particle-no wpr-jarallax-no wpr-parallax-no wpr-sticky-section-no e-con e-parent\" data-id=\"f6b2042\" data-element_type=\"container\" data-e-type=\"container\" data-settings=\"{&quot;background_background&quot;:&quot;classic&quot;}\">\n\t\t\t\t\t<div class=\"e-con-inner\">\n\t\t\t\t<div class=\"elementor-element elementor-element-5b04308 gallery-spacing-custom elementor-widget elementor-widget-image-gallery\" data-id=\"5b04308\" data-element_type=\"widget\" data-e-type=\"widget\" data-widget_type=\"image-gallery.default\">\n\t\t\t\t<div class=\"elementor-widget-container\">\n\t\t\t\t\t\t\t<div class=\"elementor-image-gallery\">\n\t\t\t<div id='gallery-1' class='gallery galleryid-13252 gallery-columns-2 gallery-size-poket-blog6-default'><figure class='gallery-item'>\n\t\t\t<div class='gallery-icon landscape'>\n\t\t\t\t<a data-elementor-open-lightbox=\"yes\" data-elementor-lightbox-slideshow=\"5b04308\" data-elementor-lightbox-title=\"Celebracions 2\" data-elementor-lightbox-description=\"catering boda\" data-e-action-hash=\"#elementor-action%3Aaction%3Dlightbox%26settings%3DeyJpZCI6MTMxMzUsInVybCI6Imh0dHBzOlwvXC9hcmthY2F0ZXJpbmcuY29tXC93cC1jb250ZW50XC91cGxvYWRzXC8yMDI0XC8wOVwvQ2VsZWJyYWNpb25zLTItc2NhbGVkLmpwZyIsInNsaWRlc2hvdyI6IjViMDQzMDgifQ%3D%3D\" href='https:\/\/arkacatering.com\/wp-content\/uploads\/2024\/09\/Celebracions-2-scaled.jpg'><img decoding=\"async\" width=\"390\" height=\"250\" src=\"https:\/\/arkacatering.com\/wp-content\/uploads\/2024\/09\/Celebracions-2-390x250.jpg\" class=\"attachment-poket-blog6-default size-poket-blog6-default\" alt=\"catering boda\" aria-describedby=\"gallery-1-13135\" \/><\/a>\n\t\t\t<\/div>\n\t\t\t\t<figcaption class='wp-caption-text gallery-caption' id='gallery-1-13135'>\n\t\t\t\tcatering boda\n\t\t\t\t<\/figcaption><\/figure>\n\t\t<\/div>\n\t\t<\/div>\n\t\t\t\t\t\t<\/div>\n\t\t\t\t<\/div>\n\t\t\t\t\t<\/div>\n\t\t\t\t<\/div>\n\t\t\t\t<\/div>\n\t\t","protected":false},"excerpt":{"rendered":"<p>\u00bfSE ACERCA UNA FECHA IMPORTANTE? Cualquier excusa es buena para disfrutar de nuestra comida. Podemos ofrecerte diferentes formatos: &#8211; C\u00f3ctel de pie &#8211; Men\u00fa degustaci\u00f3n &#8211; Almuerzo tradicional &#8211; Arroyo Premium \u00a1O crea tu propio formato! M\u00e1s Informaci\u00f3n<\/p>\n","protected":false},"author":1,"featured_media":0,"parent":12686,"menu_order":0,"comment_status":"closed","ping_status":"closed","template":"template-home.php","meta":{"footnotes":""},"class_list":["post-13252","page","type-page","status-publish","hentry"],"yoast_head":"<!-- This site is optimized with the Yoast SEO plugin v27.0 - https:\/\/yoast.com\/product\/yoast-seo-wordpress\/ -->\n<title>Catering para eventos - Celebraciones y aniversarios<\/title>\n<meta name=\"description\" content=\"Empresa de catering para eventos Barcelona y Osona. Te organizamos tu celebraci\u00f3n o aniversario. \u00a1Cel\u00e9bralo con nosotros!\" \/>\n<meta name=\"robots\" content=\"index, follow, max-snippet:-1, max-image-preview:large, max-video-preview:-1\" \/>\n<link rel=\"canonical\" href=\"https:\/\/arkacatering.com\/serveis\/celebracions-i-aniversaris\/\" \/>\n<meta property=\"og:locale\" content=\"es_ES\" \/>\n<meta property=\"og:type\" content=\"article\" \/>\n<meta property=\"og:title\" content=\"Catering para eventos - Celebraciones y aniversarios\" \/>\n<meta property=\"og:description\" content=\"Empresa de catering para eventos Barcelona y Osona. Te organizamos tu celebraci\u00f3n o aniversario. \u00a1Cel\u00e9bralo con nosotros!\" \/>\n<meta property=\"og:url\" content=\"https:\/\/arkacatering.com\/serveis\/celebracions-i-aniversaris\/\" \/>\n<meta property=\"og:site_name\" content=\"Arka Catering\" \/>\n<meta property=\"article:publisher\" content=\"https:\/\/www.facebook.com\/restaurantarka\" \/>\n<meta property=\"article:modified_time\" content=\"2024-11-14T08:13:07+00:00\" \/>\n<meta property=\"og:image\" content=\"https:\/\/arkacatering.com\/wp-content\/uploads\/2024\/09\/3-Celebracions-i-aniversaris__-scaled.jpg\" \/>\n<meta name=\"twitter:card\" content=\"summary_large_image\" \/>\n<meta name=\"twitter:label1\" content=\"Tiempo de lectura\" \/>\n\t<meta name=\"twitter:data1\" content=\"1 minuto\" \/>\n<script type=\"application\/ld+json\" class=\"yoast-schema-graph\">{\"@context\":\"https:\/\/schema.org\",\"@graph\":[{\"@type\":\"WebPage\",\"@id\":\"https:\/\/arkacatering.com\/serveis\/celebracions-i-aniversaris\/\",\"url\":\"https:\/\/arkacatering.com\/serveis\/celebracions-i-aniversaris\/\",\"name\":\"Catering para eventos - Celebraciones y aniversarios\",\"isPartOf\":{\"@id\":\"https:\/\/arkacatering.com\/#website\"},\"primaryImageOfPage\":{\"@id\":\"https:\/\/arkacatering.com\/serveis\/celebracions-i-aniversaris\/#primaryimage\"},\"image\":{\"@id\":\"https:\/\/arkacatering.com\/serveis\/celebracions-i-aniversaris\/#primaryimage\"},\"thumbnailUrl\":\"https:\/\/arkacatering.com\/wp-content\/uploads\/2024\/09\/3-Celebracions-i-aniversaris__-scaled.jpg\",\"datePublished\":\"2024-09-18T09:14:45+00:00\",\"dateModified\":\"2024-11-14T08:13:07+00:00\",\"description\":\"Empresa de catering para eventos Barcelona y Osona. Te organizamos tu celebraci\u00f3n o aniversario. \u00a1Cel\u00e9bralo con nosotros!\",\"breadcrumb\":{\"@id\":\"https:\/\/arkacatering.com\/serveis\/celebracions-i-aniversaris\/#breadcrumb\"},\"inLanguage\":\"es\",\"potentialAction\":[{\"@type\":\"ReadAction\",\"target\":[\"https:\/\/arkacatering.com\/serveis\/celebracions-i-aniversaris\/\"]}]},{\"@type\":\"ImageObject\",\"inLanguage\":\"es\",\"@id\":\"https:\/\/arkacatering.com\/serveis\/celebracions-i-aniversaris\/#primaryimage\",\"url\":\"https:\/\/arkacatering.com\/wp-content\/uploads\/2024\/09\/3-Celebracions-i-aniversaris__-scaled.jpg\",\"contentUrl\":\"https:\/\/arkacatering.com\/wp-content\/uploads\/2024\/09\/3-Celebracions-i-aniversaris__-scaled.jpg\"},{\"@type\":\"BreadcrumbList\",\"@id\":\"https:\/\/arkacatering.com\/serveis\/celebracions-i-aniversaris\/#breadcrumb\",\"itemListElement\":[{\"@type\":\"ListItem\",\"position\":1,\"name\":\"Inici\",\"item\":\"https:\/\/arkacatering.com\/es\/\"},{\"@type\":\"ListItem\",\"position\":2,\"name\":\"Servicios\",\"item\":\"https:\/\/arkacatering.com\/serveis\/\"},{\"@type\":\"ListItem\",\"position\":3,\"name\":\"Celebraciones y Aniversarios\"}]},{\"@type\":\"WebSite\",\"@id\":\"https:\/\/arkacatering.com\/#website\",\"url\":\"https:\/\/arkacatering.com\/\",\"name\":\"Arka Catering\",\"description\":\"\",\"publisher\":{\"@id\":\"https:\/\/arkacatering.com\/#organization\"},\"potentialAction\":[{\"@type\":\"SearchAction\",\"target\":{\"@type\":\"EntryPoint\",\"urlTemplate\":\"https:\/\/arkacatering.com\/?s={search_term_string}\"},\"query-input\":{\"@type\":\"PropertyValueSpecification\",\"valueRequired\":true,\"valueName\":\"search_term_string\"}}],\"inLanguage\":\"es\"},{\"@type\":\"Organization\",\"@id\":\"https:\/\/arkacatering.com\/#organization\",\"name\":\"Arka Catering\",\"url\":\"https:\/\/arkacatering.com\/\",\"logo\":{\"@type\":\"ImageObject\",\"inLanguage\":\"es\",\"@id\":\"https:\/\/arkacatering.com\/#\/schema\/logo\/image\/\",\"url\":\"https:\/\/arkacatering.com\/wp-content\/uploads\/2024\/03\/cropped-logo.png\",\"contentUrl\":\"https:\/\/arkacatering.com\/wp-content\/uploads\/2024\/03\/cropped-logo.png\",\"width\":512,\"height\":512,\"caption\":\"Arka Catering\"},\"image\":{\"@id\":\"https:\/\/arkacatering.com\/#\/schema\/logo\/image\/\"},\"sameAs\":[\"https:\/\/www.facebook.com\/restaurantarka\",\"https:\/\/www.instagram.com\/arkaserveidecatering\/\"]}]}<\/script>\n<!-- \/ Yoast SEO plugin. -->","yoast_head_json":{"title":"Catering para eventos - Celebraciones y aniversarios","description":"Empresa de catering para eventos Barcelona y Osona. Te organizamos tu celebraci\u00f3n o aniversario. \u00a1Cel\u00e9bralo con nosotros!","robots":{"index":"index","follow":"follow","max-snippet":"max-snippet:-1","max-image-preview":"max-image-preview:large","max-video-preview":"max-video-preview:-1"},"canonical":"https:\/\/arkacatering.com\/serveis\/celebracions-i-aniversaris\/","og_locale":"es_ES","og_type":"article","og_title":"Catering para eventos - Celebraciones y aniversarios","og_description":"Empresa de catering para eventos Barcelona y Osona. Te organizamos tu celebraci\u00f3n o aniversario. \u00a1Cel\u00e9bralo con nosotros!","og_url":"https:\/\/arkacatering.com\/serveis\/celebracions-i-aniversaris\/","og_site_name":"Arka Catering","article_publisher":"https:\/\/www.facebook.com\/restaurantarka","article_modified_time":"2024-11-14T08:13:07+00:00","og_image":[{"url":"https:\/\/arkacatering.com\/wp-content\/uploads\/2024\/09\/3-Celebracions-i-aniversaris__-scaled.jpg","type":"","width":"","height":""}],"twitter_card":"summary_large_image","twitter_misc":{"Tiempo de lectura":"1 minuto"},"schema":{"@context":"https:\/\/schema.org","@graph":[{"@type":"WebPage","@id":"https:\/\/arkacatering.com\/serveis\/celebracions-i-aniversaris\/","url":"https:\/\/arkacatering.com\/serveis\/celebracions-i-aniversaris\/","name":"Catering para eventos - Celebraciones y aniversarios","isPartOf":{"@id":"https:\/\/arkacatering.com\/#website"},"primaryImageOfPage":{"@id":"https:\/\/arkacatering.com\/serveis\/celebracions-i-aniversaris\/#primaryimage"},"image":{"@id":"https:\/\/arkacatering.com\/serveis\/celebracions-i-aniversaris\/#primaryimage"},"thumbnailUrl":"https:\/\/arkacatering.com\/wp-content\/uploads\/2024\/09\/3-Celebracions-i-aniversaris__-scaled.jpg","datePublished":"2024-09-18T09:14:45+00:00","dateModified":"2024-11-14T08:13:07+00:00","description":"Empresa de catering para eventos Barcelona y Osona. Te organizamos tu celebraci\u00f3n o aniversario. \u00a1Cel\u00e9bralo con nosotros!","breadcrumb":{"@id":"https:\/\/arkacatering.com\/serveis\/celebracions-i-aniversaris\/#breadcrumb"},"inLanguage":"es","potentialAction":[{"@type":"ReadAction","target":["https:\/\/arkacatering.com\/serveis\/celebracions-i-aniversaris\/"]}]},{"@type":"ImageObject","inLanguage":"es","@id":"https:\/\/arkacatering.com\/serveis\/celebracions-i-aniversaris\/#primaryimage","url":"https:\/\/arkacatering.com\/wp-content\/uploads\/2024\/09\/3-Celebracions-i-aniversaris__-scaled.jpg","contentUrl":"https:\/\/arkacatering.com\/wp-content\/uploads\/2024\/09\/3-Celebracions-i-aniversaris__-scaled.jpg"},{"@type":"BreadcrumbList","@id":"https:\/\/arkacatering.com\/serveis\/celebracions-i-aniversaris\/#breadcrumb","itemListElement":[{"@type":"ListItem","position":1,"name":"Inici","item":"https:\/\/arkacatering.com\/es\/"},{"@type":"ListItem","position":2,"name":"Servicios","item":"https:\/\/arkacatering.com\/serveis\/"},{"@type":"ListItem","position":3,"name":"Celebraciones y Aniversarios"}]},{"@type":"WebSite","@id":"https:\/\/arkacatering.com\/#website","url":"https:\/\/arkacatering.com\/","name":"Arka Catering","description":"","publisher":{"@id":"https:\/\/arkacatering.com\/#organization"},"potentialAction":[{"@type":"SearchAction","target":{"@type":"EntryPoint","urlTemplate":"https:\/\/arkacatering.com\/?s={search_term_string}"},"query-input":{"@type":"PropertyValueSpecification","valueRequired":true,"valueName":"search_term_string"}}],"inLanguage":"es"},{"@type":"Organization","@id":"https:\/\/arkacatering.com\/#organization","name":"Arka Catering","url":"https:\/\/arkacatering.com\/","logo":{"@type":"ImageObject","inLanguage":"es","@id":"https:\/\/arkacatering.com\/#\/schema\/logo\/image\/","url":"https:\/\/arkacatering.com\/wp-content\/uploads\/2024\/03\/cropped-logo.png","contentUrl":"https:\/\/arkacatering.com\/wp-content\/uploads\/2024\/03\/cropped-logo.png","width":512,"height":512,"caption":"Arka Catering"},"image":{"@id":"https:\/\/arkacatering.com\/#\/schema\/logo\/image\/"},"sameAs":["https:\/\/www.facebook.com\/restaurantarka","https:\/\/www.instagram.com\/arkaserveidecatering\/"]}]}},"_links":{"self":[{"href":"https:\/\/arkacatering.com\/es\/wp-json\/wp\/v2\/pages\/13252","targetHints":{"allow":["GET"]}}],"collection":[{"href":"https:\/\/arkacatering.com\/es\/wp-json\/wp\/v2\/pages"}],"about":[{"href":"https:\/\/arkacatering.com\/es\/wp-json\/wp\/v2\/types\/page"}],"author":[{"embeddable":true,"href":"https:\/\/arkacatering.com\/es\/wp-json\/wp\/v2\/users\/1"}],"replies":[{"embeddable":true,"href":"https:\/\/arkacatering.com\/es\/wp-json\/wp\/v2\/comments?post=13252"}],"version-history":[{"count":7,"href":"https:\/\/arkacatering.com\/es\/wp-json\/wp\/v2\/pages\/13252\/revisions"}],"predecessor-version":[{"id":13315,"href":"https:\/\/arkacatering.com\/es\/wp-json\/wp\/v2\/pages\/13252\/revisions\/13315"}],"up":[{"embeddable":true,"href":"https:\/\/arkacatering.com\/es\/wp-json\/wp\/v2\/pages\/12686"}],"wp:attachment":[{"href":"https:\/\/arkacatering.com\/es\/wp-json\/wp\/v2\/media?parent=13252"}],"curies":[{"name":"wp","href":"https:\/\/api.w.org\/{rel}","templated":true}]}}